{"id":5785,"date":"2023-12-04T15:35:49","date_gmt":"2023-12-04T14:35:49","guid":{"rendered":"https:\/\/ledecsun.com\/avis-juridique\/"},"modified":"2025-02-27T11:08:10","modified_gmt":"2025-02-27T10:08:10","slug":"avis-juridique","status":"publish","type":"page","link":"https:\/\/ledecsun.com\/fr\/avis-juridique\/","title":{"rendered":"Avis juridique"},"content":{"rendered":"\t\t<div data-elementor-type=\"wp-page\" data-elementor-id=\"5785\" class=\"elementor elementor-5785 elementor-4950\" data-elementor-post-type=\"page\">\n\t\t\t\t<div class=\"elementor-element elementor-element-7005823 e-flex e-con-boxed e-con e-parent\" data-id=\"7005823\" data-element_type=\"container\">\r\n\t\t\t\t\t<div class=\"e-con-inner\">\r\n\t\t\t\t<div class=\"elementor-element elementor-element-79fb5ea elementor-widget elementor-widget-heading\" data-id=\"79fb5ea\" data-element_type=\"widget\" data-widget_type=\"heading.default\">\n\t\t\t\t<div class=\"elementor-widget-container\">\n\t\t\t<h2 class=\"elementor-heading-title elementor-size-default\">AVIS L\u00c9GAL : Collecte de donn\u00e9es sur le site web (LSSICE + LOPD)<\/h2>\t\t<\/div>\n\t\t\t\t<\/div>\n\t\t\t\t<div class=\"elementor-element elementor-element-7b9cbf4 elementor-widget elementor-widget-text-editor\" data-id=\"7b9cbf4\" data-element_type=\"widget\" data-widget_type=\"text-editor.default\">\n\t\t\t\t<div class=\"elementor-widget-container\">\n\t\t\t\t\t\t\t<p>\u00abConform\u00e9ment au R\u00e8glement g\u00e9n\u00e9ral sur la protection des donn\u00e9es (UE) 2016\/679 du Parlement europ\u00e9en et du Conseil du 27 avril 2016 et \u00e0 la Loi organique 3\/2018 du 5 d\u00e9cembre sur la protection des donn\u00e9es personnelles et la garantie des droits num\u00e9riques, nous vous informons que les donn\u00e9es fournies par vous seront trait\u00e9es par LEDECSUN SL. Les donn\u00e9es fournies seront trait\u00e9es par LEDECSUN SL avec CIF B93379048, domicili\u00e9e \u00e0 MALAGA (MALAGA), C.P. 29004, C. Guernica 37, afin de vous fournir le service demand\u00e9 et\/ou contract\u00e9, et d&rsquo;effectuer la facturation de ce dernier. La base juridique du traitement de vos donn\u00e9es est l&rsquo;ex\u00e9cution du service que vous avez contract\u00e9 et\/ou demand\u00e9. L&rsquo;offre prospective de produits et de services est bas\u00e9e sur le consentement qui vous est demand\u00e9, sans qu&rsquo;en aucun cas le retrait de ce consentement ne conditionne l&rsquo;ex\u00e9cution du contrat.<\/p><p>Les donn\u00e9es fournies seront conserv\u00e9es pendant la dur\u00e9e de la relation commerciale ou pendant les ann\u00e9es n\u00e9cessaires au respect des obligations l\u00e9gales. Les donn\u00e9es ne seront pas transmises \u00e0 des tiers, sauf en cas d&rsquo;obligation l\u00e9gale.<\/p><p>Vous avez le droit d&rsquo;obtenir la confirmation que LEDECSUN SL traite vos donn\u00e9es personnelles et, par cons\u00e9quent, vous avez le droit d&rsquo;exercer vos droits d&rsquo;acc\u00e8s, de rectification, de limitation du traitement, de portabilit\u00e9, d&rsquo;opposition au traitement et de suppression de vos donn\u00e9es en \u00e9crivant \u00e0 l&rsquo;adresse postale ou \u00e0 l&rsquo;adresse \u00e9lectronique susmentionn\u00e9e info@ledecsun.com, en joignant une copie de votre carte d&rsquo;identit\u00e9 dans les deux cas, ainsi que le droit de d\u00e9poser une plainte aupr\u00e8s de l&rsquo;Autorit\u00e9 de surveillance (aepd.es).<\/p>\t\t\t\t\t\t<\/div>\n\t\t\t\t<\/div>\n\t\t\t\t<div class=\"elementor-element elementor-element-261b00a elementor-widget elementor-widget-heading\" data-id=\"261b00a\" data-element_type=\"widget\" data-widget_type=\"heading.default\">\n\t\t\t\t<div class=\"elementor-widget-container\">\n\t\t\t<h2 class=\"elementor-heading-title elementor-size-default\">1. les conditions g\u00e9n\u00e9rales\n<\/h2>\t\t<\/div>\n\t\t\t\t<\/div>\n\t\t\t\t<div class=\"elementor-element elementor-element-d971a8e elementor-widget elementor-widget-text-editor\" data-id=\"d971a8e\" data-element_type=\"widget\" data-widget_type=\"text-editor.default\">\n\t\t\t\t<div class=\"elementor-widget-container\">\n\t\t\t\t\t\t\t<p>1.1 Les pr\u00e9sentes conditions g\u00e9n\u00e9rales de contrat, ainsi que les conditions particuli\u00e8res qui pourront \u00eatre \u00e9tablies, r\u00e9giront express\u00e9ment les relations entre LedecSun, S.L., domicili\u00e9e \u00e0 M\u00e1laga, C. Guernica 37 &#8211; C.P. 29004 et C.I.F. : B93379048, inscrite au Registre du Commerce de M\u00e1laga, volume 5361, folio 13, inscription 1\u00aa, page MA-126423 et les utilisateurs qui utilisent le portail Internet www.ledecsun.com.<\/p>\n<p>1.2 Les pr\u00e9sentes conditions g\u00e9n\u00e9rales ont \u00e9t\u00e9 r\u00e9dig\u00e9es conform\u00e9ment aux dispositions de la loi 7\/1998 sur les conditions g\u00e9n\u00e9rales des contrats, du d\u00e9cret royal 1906\/1999 r\u00e9glementant les contrats par t\u00e9l\u00e9phone ou par voie \u00e9lectronique avec des conditions g\u00e9n\u00e9rales d\u00e9veloppant l&rsquo;article 5. 3 de la loi 7\/1998, de la loi g\u00e9n\u00e9rale 26\/1984 pour la d\u00e9fense des consommateurs et des utilisateurs, de la loi 7\/1996 sur la r\u00e9glementation du commerce de d\u00e9tail, du d\u00e9cret-loi royal 14\/1999 r\u00e9glementant la signature \u00e9lectronique et de toute autre disposition l\u00e9gale applicable, ainsi que de la loi 34\/2002 du 11 juillet 2002 sur la soci\u00e9t\u00e9 de l&rsquo;information et le commerce \u00e9lectronique.<\/p>\n<p>1.3 En utilisant www.ledecsun.com, vous devenez un utilisateur. Tant la visite que l&rsquo;utilisation et\/ou l&rsquo;achat de l&rsquo;un des produits du site www.ledecsun.com impliquent l&rsquo;acceptation en tant qu&rsquo;utilisateur, sans r\u00e9serve d&rsquo;aucune sorte, de toutes et chacune des conditions g\u00e9n\u00e9rales, ainsi que, le cas \u00e9ch\u00e9ant, des conditions sp\u00e9cifiques r\u00e9gissant l&rsquo;achat.<\/p>\n<p>1.4 LedecSun, S.L. peut, \u00e0 tout moment et sans pr\u00e9avis, modifier les pr\u00e9sentes conditions g\u00e9n\u00e9rales en publiant ces modifications sur le site web.<\/p>\t\t\t\t\t\t<\/div>\n\t\t\t\t<\/div>\n\t\t\t\t<div class=\"elementor-element elementor-element-10c965b elementor-widget elementor-widget-heading\" data-id=\"10c965b\" data-element_type=\"widget\" data-widget_type=\"heading.default\">\n\t\t\t\t<div class=\"elementor-widget-container\">\n\t\t\t<h2 class=\"elementor-heading-title elementor-size-default\">2. Produits propos\u00e9s. Syst\u00e8me d'achat\n<\/h2>\t\t<\/div>\n\t\t\t\t<\/div>\n\t\t\t\t<div class=\"elementor-element elementor-element-8c050bf elementor-widget elementor-widget-text-editor\" data-id=\"8c050bf\" data-element_type=\"widget\" data-widget_type=\"text-editor.default\">\n\t\t\t\t<div class=\"elementor-widget-container\">\n\t\t\t\t\t\t\t<p>2.1 Les produits propos\u00e9s sur www.ledecsun.com, ainsi que leurs caract\u00e9ristiques et leurs prix, apparaissent \u00e0 l&rsquo;\u00e9cran. De m\u00eame, les frais d&rsquo;envoi des produits \u00e0 l&rsquo;adresse de l&rsquo;utilisateur appara\u00eetront \u00e0 l&rsquo;\u00e9cran. Dans le cas de l&rsquo;Espagne (P\u00e9ninsule et Bal\u00e9ares) et du Portugal, ces frais seront gratuits par le moyen de transport que LedecSun, S.L. a contract\u00e9 \u00e0 ce moment-l\u00e0. Pour les envois vers d&rsquo;autres lieux, les tarifs indiqu\u00e9s lors de la proc\u00e9dure de paiement s&rsquo;appliquent.<\/p>\n<p>Les prix des articles affich\u00e9s \u00e0 l&rsquo;\u00e9cran sont en euros et incluent la T.V.A. pour le territoire national, \u00e0 l&rsquo;exception des \u00eeles Canaries, de Ceuta et de Melilla.<\/p>\n<p>2.2 Pour proc\u00e9der \u00e0 l&rsquo;achat des Produits, vous devez remplir le formulaire de commande pr\u00e9vu \u00e0 cet effet, ce qui implique implicitement la lecture et l&rsquo;acceptation de l&rsquo;ensemble des pr\u00e9sentes Conditions G\u00e9n\u00e9rales, ainsi que des Conditions Particuli\u00e8res existantes, le cas \u00e9ch\u00e9ant.<\/p>\n<p>2.3 Une fois l&rsquo;achat effectu\u00e9 et dans les plus brefs d\u00e9lais, nous enverrons \u00e0 l&rsquo;utilisateur, en m\u00eame temps que le produit, la facture correspondante \u00e0 l&rsquo;adresse indiqu\u00e9e par l&rsquo;utilisateur (si celui-ci le demande). La confirmation de commande ne vaut pas comme facture, mais seulement comme preuve d&rsquo;achat.<\/p>\n\t\t\t\t\t\t<\/div>\n\t\t\t\t<\/div>\n\t\t\t\t<div class=\"elementor-element elementor-element-62f6772 elementor-widget elementor-widget-heading\" data-id=\"62f6772\" data-element_type=\"widget\" data-widget_type=\"heading.default\">\n\t\t\t\t<div class=\"elementor-widget-container\">\n\t\t\t<h2 class=\"elementor-heading-title elementor-size-default\">3. Mode de paiement, livraison<\/h2>\t\t<\/div>\n\t\t\t\t<\/div>\n\t\t\t\t<div class=\"elementor-element elementor-element-7637e8c elementor-widget elementor-widget-text-editor\" data-id=\"7637e8c\" data-element_type=\"widget\" data-widget_type=\"text-editor.default\">\n\t\t\t\t<div class=\"elementor-widget-container\">\n\t\t\t\t\t\t\t<p>3.1 Le paiement peut \u00eatre effectu\u00e9 via Paypal ou Amazon Pay, syst\u00e8mes auxquels LedecSun, S.L. est rattach\u00e9, dans un environnement s\u00e9curis\u00e9 puisque les donn\u00e9es confidentielles de votre carte sont transmises de mani\u00e8re crypt\u00e9e au serveur de Paypal ou Amazon Pay. LedecSun, S.L. n&rsquo;aura jamais acc\u00e8s \u00e0 ces donn\u00e9es. Les autres m\u00e9thodes de paiement disponibles sont le virement bancaire et le paiement par carte de cr\u00e9dit via le syst\u00e8me de passerelle de paiement Redsys.<\/p>\n<p>3.2 LedecSun, S.L. s&rsquo;engage \u00e0 livrer les produits achet\u00e9s par l&rsquo;utilisateur, \u00e0 l&rsquo;adresse indiqu\u00e9e par l&rsquo;acheteur, dans les plus brefs d\u00e9lais (selon le tarif d&rsquo;exp\u00e9dition choisi par le client). Cette date ne constitue pas une obligation, mais nous ferons de notre mieux pour la respecter. En cas de rupture de stock, le client en sera imm\u00e9diatement inform\u00e9 et pourra annuler ou modifier sa commande sans frais dans un d\u00e9lai de 24 \u00e0 48 heures ouvrables, les samedis, dimanches et jours f\u00e9ri\u00e9s, ainsi que la p\u00e9riode de vacances, n&rsquo;\u00e9tant pas compt\u00e9s comme heures ouvrables. Il est important de rappeler que, dans le cas des transferts, ce d\u00e9lai commence \u00e0 courir \u00e0 partir du moment de la r\u00e9ception du montant de l&rsquo;achat ou du re\u00e7u du transfert, selon le cas.<\/p>\n\t\t\t\t\t\t<\/div>\n\t\t\t\t<\/div>\n\t\t\t\t<div class=\"elementor-element elementor-element-47b29e4 elementor-widget elementor-widget-heading\" data-id=\"47b29e4\" data-element_type=\"widget\" data-widget_type=\"heading.default\">\n\t\t\t\t<div class=\"elementor-widget-container\">\n\t\t\t<h2 class=\"elementor-heading-title elementor-size-default\">4. L\u00e9gislation applicable. L'arbitrage\n<\/h2>\t\t<\/div>\n\t\t\t\t<\/div>\n\t\t\t\t<div class=\"elementor-element elementor-element-244f3bc elementor-widget elementor-widget-text-editor\" data-id=\"244f3bc\" data-element_type=\"widget\" data-widget_type=\"text-editor.default\">\n\t\t\t\t<div class=\"elementor-widget-container\">\n\t\t\t\t\t\t\t<p>4.1 Le pr\u00e9sent contrat est r\u00e9gi par la loi espagnole, qui s&rsquo;applique \u00e0 toutes les questions non pr\u00e9vues dans le pr\u00e9sent contrat en ce qui concerne l&rsquo;interpr\u00e9tation, la validit\u00e9 et l&rsquo;ex\u00e9cution. Les deux parties acceptent de se soumettre \u00e0 la juridiction des cours et tribunaux de la ville de Malaga, en renon\u00e7ant \u00e0 toute autre juridiction qui pourrait leur correspondre.<\/p>\n\t\t\t\t\t\t<\/div>\n\t\t\t\t<\/div>\n\t\t\t\t\t<\/div>\n\t\t\t\t<\/div>\n\t\t\t\t<\/div>\n\t\t","protected":false},"excerpt":{"rendered":"<p>AVIS L\u00c9GAL : Collecte de donn\u00e9es sur le site web (LSSICE + LOPD) \u00abConform\u00e9ment au R\u00e8glement g\u00e9n\u00e9ral sur la protection des donn\u00e9es (UE) 2016\/679 du Parlement europ\u00e9en et du Conseil du 27 avril 2016 et \u00e0 la Loi organique 3\/2018 du 5 d\u00e9cembre sur la protection des donn\u00e9es personnelles et la garantie des droits num\u00e9riques, [&hellip;]<\/p>\n","protected":false},"author":1,"featured_media":0,"parent":0,"menu_order":0,"comment_status":"closed","ping_status":"closed","template":"","meta":{"footnotes":""},"class_list":["post-5785","page","type-page","status-publish","hentry"],"_links":{"self":[{"href":"https:\/\/ledecsun.com\/fr\/wp-json\/wp\/v2\/pages\/5785","targetHints":{"allow":["GET"]}}],"collection":[{"href":"https:\/\/ledecsun.com\/fr\/wp-json\/wp\/v2\/pages"}],"about":[{"href":"https:\/\/ledecsun.com\/fr\/wp-json\/wp\/v2\/types\/page"}],"author":[{"embeddable":true,"href":"https:\/\/ledecsun.com\/fr\/wp-json\/wp\/v2\/users\/1"}],"replies":[{"embeddable":true,"href":"https:\/\/ledecsun.com\/fr\/wp-json\/wp\/v2\/comments?post=5785"}],"version-history":[{"count":6,"href":"https:\/\/ledecsun.com\/fr\/wp-json\/wp\/v2\/pages\/5785\/revisions"}],"predecessor-version":[{"id":10542,"href":"https:\/\/ledecsun.com\/fr\/wp-json\/wp\/v2\/pages\/5785\/revisions\/10542"}],"wp:attachment":[{"href":"https:\/\/ledecsun.com\/fr\/wp-json\/wp\/v2\/media?parent=5785"}],"curies":[{"name":"wp","href":"https:\/\/api.w.org\/{rel}","templated":true}]}}